{"id":1756,"date":"2024-10-01T08:31:37","date_gmt":"2024-10-01T06:31:37","guid":{"rendered":"https:\/\/estlander.fi\/?page_id=1756"},"modified":"2024-10-09T09:18:38","modified_gmt":"2024-10-09T07:18:38","slug":"historia","status":"publish","type":"page","link":"https:\/\/estlander.fi\/sv\/historia\/","title":{"rendered":"Historia"},"content":{"rendered":"<div data-elementor-type=\"wp-page\" data-elementor-id=\"1756\" class=\"elementor elementor-1756\" data-elementor-post-type=\"page\">\n\t\t\t\t<div class=\"elementor-element elementor-element-2bf2c434 e-flex e-con-boxed e-con e-parent\" data-id=\"2bf2c434\" data-element_type=\"container\" data-settings=\"{&quot;background_background&quot;:&quot;gradient&quot;}\">\n\t\t\t\t\t<div class=\"e-con-inner\">\n\t\t<div class=\"elementor-element elementor-element-571316ab e-flex e-con-boxed e-con e-child\" data-id=\"571316ab\" data-element_type=\"container\">\n\t\t\t\t\t<div class=\"e-con-inner\">\n\t\t\t\t\t<\/div>\n\t\t\t\t<\/div>\n\t\t<div class=\"elementor-element elementor-element-4c2b5427 e-con-full e-flex e-con e-child\" data-id=\"4c2b5427\" data-element_type=\"container\">\n\t\t<div class=\"elementor-element elementor-element-48bddc8a e-con-full e-flex e-con e-child\" data-id=\"48bddc8a\" data-element_type=\"container\">\n\t\t\t\t<div class=\"elementor-element elementor-element-7dc5d48 elementor-widget__width-inherit elementor-widget elementor-widget-heading\" data-id=\"7dc5d48\" data-element_type=\"widget\" data-widget_type=\"heading.default\">\n\t\t\t\t<div class=\"elementor-widget-container\">\n\t\t\t\t\t<h1 class=\"elementor-heading-title elementor-size-default\">De tidiga \u00e5ren<\/h1>\t\t\t\t<\/div>\n\t\t\t\t<\/div>\n\t\t\t\t<div class=\"elementor-element elementor-element-1cfd77bf elementor-widget elementor-widget-text-editor\" data-id=\"1cfd77bf\" data-element_type=\"widget\" data-widget_type=\"text-editor.default\">\n\t\t\t\t<div class=\"elementor-widget-container\">\n\t\t\t\t\t\t\t\t\t<p>Det hela b\u00f6rjade n\u00e4r Robert Estlander \u00e5r 1927 arbetade som prokurist i S\u00f6dra-Finlands bank samt som  disponent f\u00f6r sitte eget bostadshus. Han ins\u00e5g att effektivera hyres och vederlagsbetalningar genom att \u00f6ppna bankkonton f\u00f6r bostadsaktiebolagen. Tanken var revolutionerande f\u00f6r sektorn och underl\u00e4ttade disponentens arbetsuppgifter avsev\u00e4rt d\u00e5 inv\u00e5narna tidigare betalat kontant direkt till disponenten en g\u00e5ng i m\u00e5naden.<\/p>\t\t\t\t\t\t\t\t<\/div>\n\t\t\t\t<\/div>\n\t\t\t\t<div class=\"elementor-element elementor-element-7ff0ae1f elementor-widget__width-inherit elementor-widget elementor-widget-heading\" data-id=\"7ff0ae1f\" data-element_type=\"widget\" data-widget_type=\"heading.default\">\n\t\t\t\t<div class=\"elementor-widget-container\">\n\t\t\t\t\t<h1 class=\"elementor-heading-title elementor-size-default\">Grundandet av disponentbyr\u00e5n<\/h1>\t\t\t\t<\/div>\n\t\t\t\t<\/div>\n\t\t\t\t<div class=\"elementor-element elementor-element-17f83f2a elementor-widget elementor-widget-text-editor\" data-id=\"17f83f2a\" data-element_type=\"widget\" data-widget_type=\"text-editor.default\">\n\t\t\t\t<div class=\"elementor-widget-container\">\n\t\t\t\t\t\t\t\t\t<p>Disponentbyr\u00e5 Estlander \u00e4r grundat 1930 och till en b\u00f6rjan sk\u00f6tte byr\u00e5n fyra husbolag. Verksamheten utvecklades snabbt och efter tio \u00e5r sk\u00f6tte byr\u00e5n 39 husbolag.<\/p><p>Verksamheten b\u00f6rjade som en bisyssla, men \u00e5r 1932 inleddes ett samarbete med ett antal bygggm\u00e4stare n\u00e4r byggandet av stadsdelen T\u00f6l\u00f6 i Helsingfors p\u00e5b\u00f6rjades. Byr\u00e5ns grundare Robert Estlander ombads ta hand om ekonomin och l\u00e5nen under bygganadsskedet. En del av f\u00f6retagen valde Robert Estlander till disponent efter att dom blivit f\u00e4rdiga. Efter att varit med fr\u00e5n ritbordet till f\u00e4rdigt bostadshus gav det Robert Estlander tekniska och ekonomiska erfarenheter som var anv\u00e4ndbara n\u00e4r han som vanlig disponent var tvungen att ta st\u00e4llning till saneringar i framtiden.<\/p>\t\t\t\t\t\t\t\t<\/div>\n\t\t\t\t<\/div>\n\t\t\t\t<\/div>\n\t\t<div class=\"elementor-element elementor-element-65f96c97 e-con-full e-flex e-con e-child\" data-id=\"65f96c97\" data-element_type=\"container\">\n\t\t\t\t<div class=\"elementor-element elementor-element-734a60c elementor-widget elementor-widget-image\" data-id=\"734a60c\" data-element_type=\"widget\" data-widget_type=\"image.default\">\n\t\t\t\t<div class=\"elementor-widget-container\">\n\t\t\t\t\t\t\t\t\t\t\t\t\t\t\t<img fetchpriority=\"high\" decoding=\"async\" width=\"800\" height=\"534\" src=\"https:\/\/estlander.fi\/wp-content\/uploads\/2024\/10\/historia-1024x683.jpg\" class=\"attachment-large size-large wp-image-1762\" alt=\"\" srcset=\"https:\/\/estlander.fi\/wp-content\/uploads\/2024\/10\/historia-1024x683.jpg 1024w, https:\/\/estlander.fi\/wp-content\/uploads\/2024\/10\/historia-300x200.jpg 300w, https:\/\/estlander.fi\/wp-content\/uploads\/2024\/10\/historia-768x512.jpg 768w, https:\/\/estlander.fi\/wp-content\/uploads\/2024\/10\/historia-1536x1024.jpg 1536w, https:\/\/estlander.fi\/wp-content\/uploads\/2024\/10\/historia.jpg 1620w\" sizes=\"(max-width: 800px) 100vw, 800px\" \/>\t\t\t\t\t\t\t\t\t\t\t\t\t\t\t<\/div>\n\t\t\t\t<\/div>\n\t\t\t\t<\/div>\n\t\t\t\t<\/div>\n\t\t<div class=\"elementor-element elementor-element-843be7c e-con-full e-flex e-con e-child\" data-id=\"843be7c\" data-element_type=\"container\">\n\t\t<div class=\"elementor-element elementor-element-83caee9 e-con-full e-flex e-con e-child\" data-id=\"83caee9\" data-element_type=\"container\">\n\t\t\t\t<div class=\"elementor-element elementor-element-d3f24e5 elementor-widget__width-inherit elementor-widget elementor-widget-heading\" data-id=\"d3f24e5\" data-element_type=\"widget\" data-widget_type=\"heading.default\">\n\t\t\t\t<div class=\"elementor-widget-container\">\n\t\t\t\t\t<h1 class=\"elementor-heading-title elementor-size-default\">Verksamheten utvidgas<\/h1>\t\t\t\t<\/div>\n\t\t\t\t<\/div>\n\t\t\t\t<div class=\"elementor-element elementor-element-a5ad7c4 elementor-widget elementor-widget-text-editor\" data-id=\"a5ad7c4\" data-element_type=\"widget\" data-widget_type=\"text-editor.default\">\n\t\t\t\t<div class=\"elementor-widget-container\">\n\t\t\t\t\t\t\t\t\t<p>I slutet av 1960-talet sk\u00f6tte byr\u00e5n som flest \u00f6ver 100 husbolag. St\u00f6rsta delen av husbolagen var bel\u00e4gna inom en kilometer fr\u00e5n kontoret som l\u00e5g p\u00e5 Centralgatan.<\/p>\t\t\t\t\t\t\t\t<\/div>\n\t\t\t\t<\/div>\n\t\t\t\t<div class=\"elementor-element elementor-element-953cadc elementor-widget__width-inherit elementor-widget elementor-widget-heading\" data-id=\"953cadc\" data-element_type=\"widget\" data-widget_type=\"heading.default\">\n\t\t\t\t<div class=\"elementor-widget-container\">\n\t\t\t\t\t<h1 class=\"elementor-heading-title elementor-size-default\">Nutid<\/h1>\t\t\t\t<\/div>\n\t\t\t\t<\/div>\n\t\t\t\t<div class=\"elementor-element elementor-element-e55ba1a elementor-widget elementor-widget-text-editor\" data-id=\"e55ba1a\" data-element_type=\"widget\" data-widget_type=\"text-editor.default\">\n\t\t\t\t<div class=\"elementor-widget-container\">\n\t\t\t\t\t\t\t\t\t<p>Kontoret var i b\u00f6rjan bel\u00e4get p\u00e5 m\u00e5nga olika adresser men mellan \u00e5r 1936-1986 var kontoret p\u00e5 Centralgatan. Fr\u00e5n Centralgatan flyttade kontoret till Annegatan 24 i Kiinteist\u00f6 Oy Anna-Kaleva. \u00c5r 2008 flyttade kontoret till dess nuvarande lokal p\u00e5 Annegatan 25 i Kiinteist\u00f6 Oy Hopeatalo.<\/p><p>Disponentbyr\u00e5n \u00f6vergick fr\u00e5n fader till son och nu uppr\u00e4tth\u00e5lls byr\u00e5n av tredje generationen Estlander. \u00c5r 1993 n\u00e4r verkst\u00e4llande direkt\u00f6r Peter Estlander b\u00f6rjade leda verksamheten ombildades Kb Estlander &amp; Co till Oy Estlander &amp; Co. Ab.<\/p>\t\t\t\t\t\t\t\t<\/div>\n\t\t\t\t<\/div>\n\t\t\t\t<\/div>\n\t\t\t\t<\/div>\n\t\t\t\t\t<\/div>\n\t\t\t\t<\/div>\n\t\t\t\t<\/div>","protected":false},"excerpt":{"rendered":"<p>Alkuvuodet Kaikki alkoi kun Robert Estlander toimi prokuristina Etel\u00e4-Suomen pankissa sek\u00e4 asuintalonsa is\u00e4nn\u00f6itsij\u00e4n\u00e4 1927 h\u00e4n ymm\u00e4rsi tehostaa vuokran ja yhti\u00f6vastikkeen maksamisen avaamalla taloyhti\u00f6ille pankkitilit. Ajatus oli alalle mullistava ja helpotti is\u00e4nn\u00f6itsij\u00e4n teht\u00e4vi\u00e4 huomattavasti, koska aikaisemmin asukkaat maksoivat suoraan is\u00e4nn\u00f6itsij\u00e4lle kerran kuukaudessa k\u00e4teisell\u00e4. Is\u00e4nn\u00f6itsij\u00e4toimiston perustaminen Is\u00e4nn\u00f6itsij\u00e4toimisto Estlander on perustettu 1930 ja aluksi toimisto hoiti nelj\u00e4\u00e4 taloyhti\u00f6t\u00e4. [&hellip;]<\/p>","protected":false},"author":3,"featured_media":0,"parent":0,"menu_order":0,"comment_status":"closed","ping_status":"closed","template":"","meta":{"_acf_changed":false,"footnotes":""},"class_list":["post-1756","page","type-page","status-publish","hentry"],"acf":[],"yoast_head":"<!-- This site is optimized with the Yoast SEO plugin v25.8 - https:\/\/yoast.com\/wordpress\/plugins\/seo\/ -->\n<title>Historia - Estlander &amp; Co<\/title>\n<meta name=\"robots\" content=\"index, follow, max-snippet:-1, max-image-preview:large, max-video-preview:-1\" \/>\n<link rel=\"canonical\" href=\"https:\/\/estlander.fi\/sv\/historia\/\" \/>\n<meta property=\"og:locale\" content=\"sv_SE\" \/>\n<meta property=\"og:type\" content=\"article\" \/>\n<meta property=\"og:title\" content=\"Historia - Estlander &amp; Co\" \/>\n<meta property=\"og:description\" content=\"Alkuvuodet Kaikki alkoi kun Robert Estlander toimi prokuristina Etel\u00e4-Suomen pankissa sek\u00e4 asuintalonsa is\u00e4nn\u00f6itsij\u00e4n\u00e4 1927 h\u00e4n ymm\u00e4rsi tehostaa vuokran ja yhti\u00f6vastikkeen maksamisen avaamalla taloyhti\u00f6ille pankkitilit. Ajatus oli alalle mullistava ja helpotti is\u00e4nn\u00f6itsij\u00e4n teht\u00e4vi\u00e4 huomattavasti, koska aikaisemmin asukkaat maksoivat suoraan is\u00e4nn\u00f6itsij\u00e4lle kerran kuukaudessa k\u00e4teisell\u00e4. Is\u00e4nn\u00f6itsij\u00e4toimiston perustaminen Is\u00e4nn\u00f6itsij\u00e4toimisto Estlander on perustettu 1930 ja aluksi toimisto hoiti nelj\u00e4\u00e4 taloyhti\u00f6t\u00e4. [&hellip;]\" \/>\n<meta property=\"og:url\" content=\"https:\/\/estlander.fi\/sv\/historia\/\" \/>\n<meta property=\"og:site_name\" content=\"Estlander &amp; Co\" \/>\n<meta property=\"article:modified_time\" content=\"2024-10-09T07:18:38+00:00\" \/>\n<meta property=\"og:image\" content=\"https:\/\/estlander.fi\/wp-content\/uploads\/2024\/10\/historia.jpg\" \/>\n\t<meta property=\"og:image:width\" content=\"1620\" \/>\n\t<meta property=\"og:image:height\" content=\"1080\" \/>\n\t<meta property=\"og:image:type\" content=\"image\/jpeg\" \/>\n<meta name=\"twitter:card\" content=\"summary_large_image\" \/>\n<script type=\"application\/ld+json\" class=\"yoast-schema-graph\">{\"@context\":\"https:\/\/schema.org\",\"@graph\":[{\"@type\":\"WebPage\",\"@id\":\"https:\/\/estlander.fi\/historia\/\",\"url\":\"https:\/\/estlander.fi\/historia\/\",\"name\":\"Historia - Estlander &amp; Co\",\"isPartOf\":{\"@id\":\"https:\/\/estlander.fi\/#website\"},\"primaryImageOfPage\":{\"@id\":\"https:\/\/estlander.fi\/historia\/#primaryimage\"},\"image\":{\"@id\":\"https:\/\/estlander.fi\/historia\/#primaryimage\"},\"thumbnailUrl\":\"https:\/\/estlander.fi\/wp-content\/uploads\/2024\/10\/historia-1024x683.jpg\",\"datePublished\":\"2024-10-01T06:31:37+00:00\",\"dateModified\":\"2024-10-09T07:18:38+00:00\",\"breadcrumb\":{\"@id\":\"https:\/\/estlander.fi\/historia\/#breadcrumb\"},\"inLanguage\":\"sv-SE\",\"potentialAction\":[{\"@type\":\"ReadAction\",\"target\":[\"https:\/\/estlander.fi\/historia\/\"]}]},{\"@type\":\"ImageObject\",\"inLanguage\":\"sv-SE\",\"@id\":\"https:\/\/estlander.fi\/historia\/#primaryimage\",\"url\":\"https:\/\/estlander.fi\/wp-content\/uploads\/2024\/10\/historia-1024x683.jpg\",\"contentUrl\":\"https:\/\/estlander.fi\/wp-content\/uploads\/2024\/10\/historia-1024x683.jpg\"},{\"@type\":\"BreadcrumbList\",\"@id\":\"https:\/\/estlander.fi\/historia\/#breadcrumb\",\"itemListElement\":[{\"@type\":\"ListItem\",\"position\":1,\"name\":\"Home\",\"item\":\"https:\/\/estlander.fi\/\"},{\"@type\":\"ListItem\",\"position\":2,\"name\":\"Historia\"}]},{\"@type\":\"WebSite\",\"@id\":\"https:\/\/estlander.fi\/#website\",\"url\":\"https:\/\/estlander.fi\/\",\"name\":\"Estlander & Co\",\"description\":\"Yli 90 vuotta laadukasta is\u00e4nn\u00f6inti\u00e4\",\"publisher\":{\"@id\":\"https:\/\/estlander.fi\/#organization\"},\"potentialAction\":[{\"@type\":\"SearchAction\",\"target\":{\"@type\":\"EntryPoint\",\"urlTemplate\":\"https:\/\/estlander.fi\/?s={search_term_string}\"},\"query-input\":{\"@type\":\"PropertyValueSpecification\",\"valueRequired\":true,\"valueName\":\"search_term_string\"}}],\"inLanguage\":\"sv-SE\"},{\"@type\":\"Organization\",\"@id\":\"https:\/\/estlander.fi\/#organization\",\"name\":\"Estlander & Co\",\"url\":\"https:\/\/estlander.fi\/\",\"logo\":{\"@type\":\"ImageObject\",\"inLanguage\":\"sv-SE\",\"@id\":\"https:\/\/estlander.fi\/#\/schema\/logo\/image\/\",\"url\":\"https:\/\/estlander.fi\/wp-content\/uploads\/2023\/12\/logo.png\",\"contentUrl\":\"https:\/\/estlander.fi\/wp-content\/uploads\/2023\/12\/logo.png\",\"width\":800,\"height\":144,\"caption\":\"Estlander & Co\"},\"image\":{\"@id\":\"https:\/\/estlander.fi\/#\/schema\/logo\/image\/\"}}]}<\/script>\n<!-- \/ Yoast SEO plugin. -->","yoast_head_json":{"title":"Historia - Estlander &amp; Co","robots":{"index":"index","follow":"follow","max-snippet":"max-snippet:-1","max-image-preview":"max-image-preview:large","max-video-preview":"max-video-preview:-1"},"canonical":"https:\/\/estlander.fi\/sv\/historia\/","og_locale":"sv_SE","og_type":"article","og_title":"Historia - Estlander &amp; Co","og_description":"Alkuvuodet Kaikki alkoi kun Robert Estlander toimi prokuristina Etel\u00e4-Suomen pankissa sek\u00e4 asuintalonsa is\u00e4nn\u00f6itsij\u00e4n\u00e4 1927 h\u00e4n ymm\u00e4rsi tehostaa vuokran ja yhti\u00f6vastikkeen maksamisen avaamalla taloyhti\u00f6ille pankkitilit. Ajatus oli alalle mullistava ja helpotti is\u00e4nn\u00f6itsij\u00e4n teht\u00e4vi\u00e4 huomattavasti, koska aikaisemmin asukkaat maksoivat suoraan is\u00e4nn\u00f6itsij\u00e4lle kerran kuukaudessa k\u00e4teisell\u00e4. Is\u00e4nn\u00f6itsij\u00e4toimiston perustaminen Is\u00e4nn\u00f6itsij\u00e4toimisto Estlander on perustettu 1930 ja aluksi toimisto hoiti nelj\u00e4\u00e4 taloyhti\u00f6t\u00e4. [&hellip;]","og_url":"https:\/\/estlander.fi\/sv\/historia\/","og_site_name":"Estlander &amp; Co","article_modified_time":"2024-10-09T07:18:38+00:00","og_image":[{"width":1620,"height":1080,"url":"https:\/\/estlander.fi\/wp-content\/uploads\/2024\/10\/historia.jpg","type":"image\/jpeg"}],"twitter_card":"summary_large_image","schema":{"@context":"https:\/\/schema.org","@graph":[{"@type":"WebPage","@id":"https:\/\/estlander.fi\/historia\/","url":"https:\/\/estlander.fi\/historia\/","name":"Historia - Estlander &amp; Co","isPartOf":{"@id":"https:\/\/estlander.fi\/#website"},"primaryImageOfPage":{"@id":"https:\/\/estlander.fi\/historia\/#primaryimage"},"image":{"@id":"https:\/\/estlander.fi\/historia\/#primaryimage"},"thumbnailUrl":"https:\/\/estlander.fi\/wp-content\/uploads\/2024\/10\/historia-1024x683.jpg","datePublished":"2024-10-01T06:31:37+00:00","dateModified":"2024-10-09T07:18:38+00:00","breadcrumb":{"@id":"https:\/\/estlander.fi\/historia\/#breadcrumb"},"inLanguage":"sv-SE","potentialAction":[{"@type":"ReadAction","target":["https:\/\/estlander.fi\/historia\/"]}]},{"@type":"ImageObject","inLanguage":"sv-SE","@id":"https:\/\/estlander.fi\/historia\/#primaryimage","url":"https:\/\/estlander.fi\/wp-content\/uploads\/2024\/10\/historia-1024x683.jpg","contentUrl":"https:\/\/estlander.fi\/wp-content\/uploads\/2024\/10\/historia-1024x683.jpg"},{"@type":"BreadcrumbList","@id":"https:\/\/estlander.fi\/historia\/#breadcrumb","itemListElement":[{"@type":"ListItem","position":1,"name":"Home","item":"https:\/\/estlander.fi\/"},{"@type":"ListItem","position":2,"name":"Historia"}]},{"@type":"WebSite","@id":"https:\/\/estlander.fi\/#website","url":"https:\/\/estlander.fi\/","name":"Estlander & Co","description":"Yli 90 vuotta laadukasta is\u00e4nn\u00f6inti\u00e4","publisher":{"@id":"https:\/\/estlander.fi\/#organization"},"potentialAction":[{"@type":"SearchAction","target":{"@type":"EntryPoint","urlTemplate":"https:\/\/estlander.fi\/?s={search_term_string}"},"query-input":{"@type":"PropertyValueSpecification","valueRequired":true,"valueName":"search_term_string"}}],"inLanguage":"sv-SE"},{"@type":"Organization","@id":"https:\/\/estlander.fi\/#organization","name":"Estlander & Co","url":"https:\/\/estlander.fi\/","logo":{"@type":"ImageObject","inLanguage":"sv-SE","@id":"https:\/\/estlander.fi\/#\/schema\/logo\/image\/","url":"https:\/\/estlander.fi\/wp-content\/uploads\/2023\/12\/logo.png","contentUrl":"https:\/\/estlander.fi\/wp-content\/uploads\/2023\/12\/logo.png","width":800,"height":144,"caption":"Estlander & Co"},"image":{"@id":"https:\/\/estlander.fi\/#\/schema\/logo\/image\/"}}]}},"_links":{"self":[{"href":"https:\/\/estlander.fi\/sv\/wp-json\/wp\/v2\/pages\/1756","targetHints":{"allow":["GET"]}}],"collection":[{"href":"https:\/\/estlander.fi\/sv\/wp-json\/wp\/v2\/pages"}],"about":[{"href":"https:\/\/estlander.fi\/sv\/wp-json\/wp\/v2\/types\/page"}],"author":[{"embeddable":true,"href":"https:\/\/estlander.fi\/sv\/wp-json\/wp\/v2\/users\/3"}],"replies":[{"embeddable":true,"href":"https:\/\/estlander.fi\/sv\/wp-json\/wp\/v2\/comments?post=1756"}],"version-history":[{"count":23,"href":"https:\/\/estlander.fi\/sv\/wp-json\/wp\/v2\/pages\/1756\/revisions"}],"predecessor-version":[{"id":2436,"href":"https:\/\/estlander.fi\/sv\/wp-json\/wp\/v2\/pages\/1756\/revisions\/2436"}],"wp:attachment":[{"href":"https:\/\/estlander.fi\/sv\/wp-json\/wp\/v2\/media?parent=1756"}],"curies":[{"name":"wp","href":"https:\/\/api.w.org\/{rel}","templated":true}]}}